{"id":3250,"date":"2019-05-09T11:20:58","date_gmt":"2019-05-09T09:20:58","guid":{"rendered":"https:\/\/www.casalidellacisterna.it\/parco-secolare-lago-maggiore\/"},"modified":"2024-08-17T13:53:23","modified_gmt":"2024-08-17T11:53:23","slug":"le-parc-seculaire","status":"publish","type":"page","link":"https:\/\/www.casalidellacisterna.it\/fr\/le-parc-seculaire\/","title":{"rendered":"Le parc s\u00e9culaire"},"content":{"rendered":"<div class=\"wpb-content-wrapper\"><p>[vc_row full_width=\u00a0\u00bbstretch_row\u00a0\u00bb css=\u00a0\u00bb.vc_custom_1636984924489{margin-top: 20px !important;padding-bottom: 20px !important;}\u00a0\u00bb][vc_column]<div style=\"background-color:;height: 20px\" class=\"nicdark_section  \"><\/div> <h4 style=\"color:#000000;padding:px;text-align:center;font-size:40px;line-height:55px;letter-spacing: px;font-weight:normal\" class=\"  nd_options_font_size_40_important_all_iphone  \">Galerie de photos<\/h4> <div style=\"background-color:;height: 20px\" class=\"nicdark_section  \"><\/div>[vc_media_grid style=\u00a0\u00bbpagination\u00a0\u00bb items_per_page=\u00a0\u00bb8&Prime; element_width=\u00a0\u00bb3&Prime; css=\u00a0\u00bb.vc_custom_1723895601188{padding-top: 30px !important;padding-bottom: 30px !important;}\u00a0\u00bb grid_id=\u00a0\u00bbvc_gid:1723895574809-6c77741e-7b27-0&Prime; include=\u00a0\u00bb10553,2880,2876,2844,2836,2832,2848,2856,2864,2828,2890&Prime;][\/vc_column][\/vc_row][vc_row full_width=\u00a0\u00bbstretch_row\u00a0\u00bb][vc_column] <h4 style=\"color:#000000;padding:px;text-align:center;font-size:40px;line-height:55px;letter-spacing: px;font-weight:normal\" class=\"  nd_options_font_size_40_important_all_iphone  \">Carte<\/h4> <div style=\"background-color:;height: 20px\" class=\"nicdark_section  \"><\/div>\n    <div style=\"text-align:left\" class=\"nd_options_section\">\n      <img decoding=\"async\" alt=\"\" style=\"width:100%\" class=\" nd_options_margin_0 nd_options_padding_0 \" src=\"https:\/\/www.casalidellacisterna.it\/wp-content\/uploads\/2024\/08\/parco-secolare-lago-maggiore-1024x726.jpg\">\n    <\/div>\n   [\/vc_column][\/vc_row][vc_row][vc_column width=\u00a0\u00bb1\/3&Prime;][vc_column_text]<\/p>\n<p style=\"text-align: center;\">1 &#8211; Cryptomeria Cedro ( Japan )<br \/>\n2 &#8211; Oleandro ( China \/ Japan )<br \/>\n3 &#8211; Calocedrus Taxodiacee ( Sequoia U.S.A )<br \/>\n4 &#8211; Ortensie ( Japan )<br \/>\n5 &#8211; Sequoia ( U.S.A )<br \/>\n6 &#8211; Leccio ( Mediterranean )<br \/>\n7 &#8211; Cinnamomum Canfora ( East Asia )<br \/>\n8 &#8211; Rododendro Selvatico ( Scotland )<br \/>\n9 &#8211; Pino silvestre ( Northern Europe )<br \/>\n10 &#8211; Sequoia ( U.S.A )<br \/>\n11 &#8211; Sequoia ( U.S.A )<br \/>\n12 &#8211; Bamboo Phyllostachis Mitis ( Japan )<\/p>\n<p>[\/vc_column_text][\/vc_column][vc_column width=\u00a0\u00bb1\/3&Prime;][vc_column_text css=\u00a0\u00bb\u00a0\u00bb]<\/p>\n<p style=\"text-align: center;\">13 &#8211; Sequoia ( U.S.A )<br \/>\n14 &#8211; Palma trachycarpus fortunae (China \/Japan)<br \/>\n15 &#8211; Leccio ( Mediterranean )<br \/>\n16 &#8211; Ortensia Paniculata ( Japan )<br \/>\n17 &#8211; Ortensia ( Japan )<br \/>\n18 &#8211; Magnolia Grandiflora ( Japan )<\/p>\n<p style=\"text-align: center;\">19 &#8211; Magnolia Grandiflora ( Japan )<br \/>\n20 &#8211; Camelia Secolare (China \/ Japan)<br \/>\n21 &#8211; Fiori di Loto ( East )<br \/>\n22 &#8211; Cephalotaxus ( Greece )<br \/>\n23 &#8211; Taxsus Baccata ( Europe )<br \/>\n24 &#8211; Cepressus Arizonica ( Arizona )<\/p>\n<p>[\/vc_column_text][\/vc_column][vc_column width=\u00a0\u00bb1\/3&Prime;][vc_column_text]<\/p>\n<p style=\"text-align: center;\">25 &#8211; Frassino ( Europe )<br \/>\n26 &#8211; Castagno ( Europe )<br \/>\n27 &#8211; Azalee ( Asia \/ Northern Europe )<br \/>\n28 &#8211; Boschetto di Camelie Selvatiche ( Japan )<br \/>\n29 &#8211; Calocedrus Taxodiacee ( South America \/ Mexico )<br \/>\n30 &#8211; Sequoia ( U.S.A )<br \/>\n31 &#8211; Euonimus Lucidum ( Japan )<br \/>\n32 &#8211; Roseto (Asia \/ Europe )<br \/>\n33 &#8211; Leccio ( Mediterranean )<br \/>\n34 &#8211; Ortensie ( Japan )<br \/>\n35 &#8211; Raphyolephis Indica ( India )<br \/>\n36 &#8211; Calocedrus Taxodiacee ( South America \/ Mexico )<\/p>\n<p>[\/vc_column_text][\/vc_column][\/vc_row][vc_row equal_height=\u00a0\u00bbyes\u00a0\u00bb css=\u00a0\u00bb.vc_custom_1650571498531{margin-bottom: 80px !important;background-image: url(https:\/\/www.casalidellacisterna.it\/wp-content\/uploads\/2022\/04\/Jacuzzi-casali-della-cisterna.jpg?id=10054) !important;}\u00a0\u00bb][vc_column width=\u00a0\u00bb1\/3&Prime; css=\u00a0\u00bb.vc_custom_1557220216307{background-image: url(https:\/\/www.casalidellacisterna.it\/wp-content\/uploads\/2019\/05\/PARK-AND-LAKE.jpg?id=1472) !important;background-position: center !important;background-repeat: no-repeat !important;background-size: cover !important;}\u00a0\u00bb]<div style=\"background-color:;height: 50px\" class=\"nicdark_section  \"><\/div> <h3 style=\"color:#ffffff;padding:px;text-align:center;font-size:22px;line-height:22px;letter-spacing: px;font-weight:normal\" class=\"   nd_options_first_font \">NOS OFFRES<\/h3> <div style=\"background-color:;height: 10px\" class=\"nicdark_section  \"><\/div>\n\t<div class=\"nd_options_section nd_options_text_align_center\">\n\t<a style=\"border: 1px solid #ffffff;border-radius:0px;letter-spacing:px;line-height:15px;font-size:15px;background-color:#c19b76;padding:10px 20px;margin:10px;color:#ffffff\" rel=\"\" href=\"https:\/\/www.casalidellacisterna.it\/fr\/offres-speciales\/\" class=\"nicdark_display_inline_block  nd_options_font_weight_lighter nd_options_second_font  \">LIRE PLUS<\/a>\n\t<\/div>\n<div style=\"background-color:;height: 50px\" class=\"nicdark_section  \"><\/div>[\/vc_column][vc_column width=\u00a0\u00bb1\/3&Prime; css=\u00a0\u00bb.vc_custom_1636986920806{background-image: url(https:\/\/www.casalidellacisterna.it\/wp-content\/uploads\/2020\/10\/isola-madrea.jpg?id=5398) !important;background-position: center !important;background-repeat: no-repeat !important;background-size: cover !important;}\u00a0\u00bb]<div style=\"background-color:;height: 50px\" class=\"nicdark_section  \"><\/div> <h3 style=\"color:#ffffff;padding:px;text-align:center;font-size:22px;line-height:22px;letter-spacing: px;font-weight:normal\" class=\"   nd_options_first_font \">PROCHE DE NOUS<\/h3> <div style=\"background-color:;height: 10px\" class=\"nicdark_section  \"><\/div>\n\t<div class=\"nd_options_section nd_options_text_align_center\">\n\t<a style=\"border: 1px solid #ffffff;border-radius:0px;letter-spacing:px;line-height:15px;font-size:15px;background-color:#c19b76;padding:10px 20px;margin:10px;color:#ffffff\" rel=\"\" href=\"https:\/\/www.casalidellacisterna.it\/fr\/tours\/\" class=\"nicdark_display_inline_block  nd_options_font_weight_lighter nd_options_second_font  \">LIRE PLUS<\/a>\n\t<\/div>\n<div style=\"background-color:;height: 50px\" class=\"nicdark_section  \"><\/div>[\/vc_column][vc_column width=\u00a0\u00bb1\/3&Prime; css=\u00a0\u00bb.vc_custom_1712509540581{background-image: url(https:\/\/www.casalidellacisterna.it\/wp-content\/uploads\/2023\/05\/piscina-web-casali-della-cisterna.jpg?id=10553) !important;background-position: center !important;background-repeat: no-repeat !important;background-size: cover !important;}\u00a0\u00bb]<div style=\"background-color:;height: 50px\" class=\"nicdark_section  \"><\/div> <h3 style=\"color:#ffffff;padding:px;text-align:center;font-size:22px;line-height:22px;letter-spacing: px;font-weight:normal\" class=\"   nd_options_first_font \">AGR\u00c9MENTS<\/h3> <div style=\"background-color:;height: 10px\" class=\"nicdark_section  \"><\/div>\n\t<div class=\"nd_options_section nd_options_text_align_center\">\n\t<a style=\"border: 1px solid #ffffff;border-radius:0px;letter-spacing:px;line-height:15px;font-size:15px;background-color:#c19b76;padding:10px 20px;margin:10px;color:#ffffff\" rel=\"\" href=\"https:\/\/www.casalidellacisterna.it\/fr\/service\/\" class=\"nicdark_display_inline_block  nd_options_font_weight_lighter nd_options_second_font  \">LIRE PLUS<\/a>\n\t<\/div>\n<div style=\"background-color:;height: 50px\" class=\"nicdark_section  \"><\/div>[\/vc_column][\/vc_row]<\/p>\n<\/div>","protected":false},"excerpt":{"rendered":"<p>[vc_row full_width=\u00a0\u00bbstretch_row\u00a0\u00bb css=\u00a0\u00bb.vc_custom_1636984924489{margin-top: 20px !important;padding-bottom: 20px !important;}\u00a0\u00bb][vc_column][vc_media_grid style=\u00a0\u00bbpagination\u00a0\u00bb items_per_page=\u00a0\u00bb8&Prime; element_width=\u00a0\u00bb3&Prime; css=\u00a0\u00bb.vc_custom_1723895601188{padding-top: 30px !important;padding-bottom: 30px !important;}\u00a0\u00bb grid_id=\u00a0\u00bbvc_gid:1723895574809-6c77741e-7b27-0&Prime; include=\u00a0\u00bb10553,2880,2876,2844,2836,2832,2848,2856,2864,2828,2890&Prime;][\/vc_column][\/vc_row][vc_row full_width=\u00a0\u00bbstretch_row\u00a0\u00bb][vc_column][\/vc_column][\/vc_row][vc_row][vc_column width=\u00a0\u00bb1\/3&Prime;][vc_column_text] 1 &#8211; Cryptomeria Cedro ( Japan ) 2 &#8211; Oleandro ( China \/ Japan ) 3 &#8211; Calocedrus Taxodiacee ( Sequoia U.S.A ) 4 &#8211; Ortensie ( Japan ) 5 &#8211; Sequoia ( U.S.A ) 6 [&hellip;]<\/p>\n","protected":false},"author":2,"featured_media":0,"parent":0,"menu_order":0,"comment_status":"closed","ping_status":"closed","template":"","meta":{"footnotes":""},"class_list":["post-3250","page","type-page","status-publish","hentry"],"yoast_head":"<!-- This site is optimized with the Yoast SEO plugin v27.5 - https:\/\/yoast.com\/product\/yoast-seo-wordpress\/ -->\n<title>Le parc s\u00e9culaire - Relais Casali della Cisterna<\/title>\n<meta name=\"description\" content=\"Visitez le parc s\u00e9culaire n\u00e9 il y a plus de 200 ans et admirez les grands s\u00e9quoias du lac Majeur et ses plantes du monde entier.\" \/>\n<meta name=\"robots\" content=\"index, follow, max-snippet:-1, max-image-preview:large, max-video-preview:-1\" \/>\n<link rel=\"canonical\" href=\"https:\/\/www.casalidellacisterna.it\/fr\/le-parc-seculaire\/\" \/>\n<meta property=\"og:locale\" content=\"fr_FR\" \/>\n<meta property=\"og:type\" content=\"article\" \/>\n<meta property=\"og:title\" content=\"Le parc s\u00e9culaire - Relais Casali della Cisterna\" \/>\n<meta property=\"og:description\" content=\"Visitez le parc s\u00e9culaire n\u00e9 il y a plus de 200 ans et admirez les grands s\u00e9quoias du lac Majeur et ses plantes du monde entier.\" \/>\n<meta property=\"og:url\" content=\"https:\/\/www.casalidellacisterna.it\/fr\/le-parc-seculaire\/\" \/>\n<meta property=\"og:site_name\" content=\"Relais Casali della Cisterna\" \/>\n<meta property=\"article:publisher\" content=\"casalidellacisterna\" \/>\n<meta property=\"article:modified_time\" content=\"2024-08-17T11:53:23+00:00\" \/>\n<meta property=\"og:image\" content=\"https:\/\/www.casalidellacisterna.it\/wp-content\/uploads\/2019\/05\/junior-suite-canfora-hotel-belgirate-1.jpg\" \/>\n\t<meta property=\"og:image:width\" content=\"1024\" \/>\n\t<meta property=\"og:image:height\" content=\"710\" \/>\n\t<meta property=\"og:image:type\" content=\"image\/jpeg\" \/>\n<meta name=\"twitter:card\" content=\"summary_large_image\" \/>\n<meta name=\"twitter:label1\" content=\"Dur\u00e9e de lecture estim\u00e9e\" \/>\n\t<meta name=\"twitter:data1\" content=\"5 minutes\" \/>\n<script type=\"application\/ld+json\" class=\"yoast-schema-graph\">{\"@context\":\"https:\\\/\\\/schema.org\",\"@graph\":[{\"@type\":\"WebPage\",\"@id\":\"https:\\\/\\\/www.casalidellacisterna.it\\\/fr\\\/le-parc-seculaire\\\/\",\"url\":\"https:\\\/\\\/www.casalidellacisterna.it\\\/fr\\\/le-parc-seculaire\\\/\",\"name\":\"Le parc s\u00e9culaire - Relais Casali della Cisterna\",\"isPartOf\":{\"@id\":\"https:\\\/\\\/www.casalidellacisterna.it\\\/fr\\\/#website\"},\"datePublished\":\"2019-05-09T09:20:58+00:00\",\"dateModified\":\"2024-08-17T11:53:23+00:00\",\"description\":\"Visitez le parc s\u00e9culaire n\u00e9 il y a plus de 200 ans et admirez les grands s\u00e9quoias du lac Majeur et ses plantes du monde entier.\",\"breadcrumb\":{\"@id\":\"https:\\\/\\\/www.casalidellacisterna.it\\\/fr\\\/le-parc-seculaire\\\/#breadcrumb\"},\"inLanguage\":\"fr-FR\",\"potentialAction\":[{\"@type\":\"ReadAction\",\"target\":[\"https:\\\/\\\/www.casalidellacisterna.it\\\/fr\\\/le-parc-seculaire\\\/\"]}]},{\"@type\":\"BreadcrumbList\",\"@id\":\"https:\\\/\\\/www.casalidellacisterna.it\\\/fr\\\/le-parc-seculaire\\\/#breadcrumb\",\"itemListElement\":[{\"@type\":\"ListItem\",\"position\":1,\"name\":\"Home\",\"item\":\"https:\\\/\\\/www.casalidellacisterna.it\\\/fr\\\/\"},{\"@type\":\"ListItem\",\"position\":2,\"name\":\"Le parc s\u00e9culaire\"}]},{\"@type\":\"WebSite\",\"@id\":\"https:\\\/\\\/www.casalidellacisterna.it\\\/fr\\\/#website\",\"url\":\"https:\\\/\\\/www.casalidellacisterna.it\\\/fr\\\/\",\"name\":\"Relais Casali della Cisterna\",\"description\":\"Historical Hotel Lake Maggiore\",\"publisher\":{\"@id\":\"https:\\\/\\\/www.casalidellacisterna.it\\\/fr\\\/#\\\/schema\\\/person\\\/7ccfea2f538ad615acbc68bd3f482935\"},\"potentialAction\":[{\"@type\":\"SearchAction\",\"target\":{\"@type\":\"EntryPoint\",\"urlTemplate\":\"https:\\\/\\\/www.casalidellacisterna.it\\\/fr\\\/?s={search_term_string}\"},\"query-input\":{\"@type\":\"PropertyValueSpecification\",\"valueRequired\":true,\"valueName\":\"search_term_string\"}}],\"inLanguage\":\"fr-FR\"},{\"@type\":[\"Person\",\"Organization\"],\"@id\":\"https:\\\/\\\/www.casalidellacisterna.it\\\/fr\\\/#\\\/schema\\\/person\\\/7ccfea2f538ad615acbc68bd3f482935\",\"name\":\"albertoavveduti\",\"image\":{\"@type\":\"ImageObject\",\"inLanguage\":\"fr-FR\",\"@id\":\"https:\\\/\\\/secure.gravatar.com\\\/avatar\\\/e43059e4816e51e713f76676af589c7492e749797d74acffb42ed2ed06283c64?s=96&d=mm&r=g\",\"url\":\"https:\\\/\\\/secure.gravatar.com\\\/avatar\\\/e43059e4816e51e713f76676af589c7492e749797d74acffb42ed2ed06283c64?s=96&d=mm&r=g\",\"contentUrl\":\"https:\\\/\\\/secure.gravatar.com\\\/avatar\\\/e43059e4816e51e713f76676af589c7492e749797d74acffb42ed2ed06283c64?s=96&d=mm&r=g\",\"caption\":\"albertoavveduti\"},\"logo\":{\"@id\":\"https:\\\/\\\/secure.gravatar.com\\\/avatar\\\/e43059e4816e51e713f76676af589c7492e749797d74acffb42ed2ed06283c64?s=96&d=mm&r=g\"},\"sameAs\":[\"casalidellacisterna\",\"casalicisterna\"]}]}<\/script>\n<!-- \/ Yoast SEO plugin. -->","yoast_head_json":{"title":"Le parc s\u00e9culaire - Relais Casali della Cisterna","description":"Visitez le parc s\u00e9culaire n\u00e9 il y a plus de 200 ans et admirez les grands s\u00e9quoias du lac Majeur et ses plantes du monde entier.","robots":{"index":"index","follow":"follow","max-snippet":"max-snippet:-1","max-image-preview":"max-image-preview:large","max-video-preview":"max-video-preview:-1"},"canonical":"https:\/\/www.casalidellacisterna.it\/fr\/le-parc-seculaire\/","og_locale":"fr_FR","og_type":"article","og_title":"Le parc s\u00e9culaire - Relais Casali della Cisterna","og_description":"Visitez le parc s\u00e9culaire n\u00e9 il y a plus de 200 ans et admirez les grands s\u00e9quoias du lac Majeur et ses plantes du monde entier.","og_url":"https:\/\/www.casalidellacisterna.it\/fr\/le-parc-seculaire\/","og_site_name":"Relais Casali della Cisterna","article_publisher":"casalidellacisterna","article_modified_time":"2024-08-17T11:53:23+00:00","og_image":[{"width":1024,"height":710,"url":"https:\/\/www.casalidellacisterna.it\/wp-content\/uploads\/2019\/05\/junior-suite-canfora-hotel-belgirate-1.jpg","type":"image\/jpeg"}],"twitter_card":"summary_large_image","twitter_misc":{"Dur\u00e9e de lecture estim\u00e9e":"5 minutes"},"schema":{"@context":"https:\/\/schema.org","@graph":[{"@type":"WebPage","@id":"https:\/\/www.casalidellacisterna.it\/fr\/le-parc-seculaire\/","url":"https:\/\/www.casalidellacisterna.it\/fr\/le-parc-seculaire\/","name":"Le parc s\u00e9culaire - Relais Casali della Cisterna","isPartOf":{"@id":"https:\/\/www.casalidellacisterna.it\/fr\/#website"},"datePublished":"2019-05-09T09:20:58+00:00","dateModified":"2024-08-17T11:53:23+00:00","description":"Visitez le parc s\u00e9culaire n\u00e9 il y a plus de 200 ans et admirez les grands s\u00e9quoias du lac Majeur et ses plantes du monde entier.","breadcrumb":{"@id":"https:\/\/www.casalidellacisterna.it\/fr\/le-parc-seculaire\/#breadcrumb"},"inLanguage":"fr-FR","potentialAction":[{"@type":"ReadAction","target":["https:\/\/www.casalidellacisterna.it\/fr\/le-parc-seculaire\/"]}]},{"@type":"BreadcrumbList","@id":"https:\/\/www.casalidellacisterna.it\/fr\/le-parc-seculaire\/#breadcrumb","itemListElement":[{"@type":"ListItem","position":1,"name":"Home","item":"https:\/\/www.casalidellacisterna.it\/fr\/"},{"@type":"ListItem","position":2,"name":"Le parc s\u00e9culaire"}]},{"@type":"WebSite","@id":"https:\/\/www.casalidellacisterna.it\/fr\/#website","url":"https:\/\/www.casalidellacisterna.it\/fr\/","name":"Relais Casali della Cisterna","description":"Historical Hotel Lake Maggiore","publisher":{"@id":"https:\/\/www.casalidellacisterna.it\/fr\/#\/schema\/person\/7ccfea2f538ad615acbc68bd3f482935"},"potentialAction":[{"@type":"SearchAction","target":{"@type":"EntryPoint","urlTemplate":"https:\/\/www.casalidellacisterna.it\/fr\/?s={search_term_string}"},"query-input":{"@type":"PropertyValueSpecification","valueRequired":true,"valueName":"search_term_string"}}],"inLanguage":"fr-FR"},{"@type":["Person","Organization"],"@id":"https:\/\/www.casalidellacisterna.it\/fr\/#\/schema\/person\/7ccfea2f538ad615acbc68bd3f482935","name":"albertoavveduti","image":{"@type":"ImageObject","inLanguage":"fr-FR","@id":"https:\/\/secure.gravatar.com\/avatar\/e43059e4816e51e713f76676af589c7492e749797d74acffb42ed2ed06283c64?s=96&d=mm&r=g","url":"https:\/\/secure.gravatar.com\/avatar\/e43059e4816e51e713f76676af589c7492e749797d74acffb42ed2ed06283c64?s=96&d=mm&r=g","contentUrl":"https:\/\/secure.gravatar.com\/avatar\/e43059e4816e51e713f76676af589c7492e749797d74acffb42ed2ed06283c64?s=96&d=mm&r=g","caption":"albertoavveduti"},"logo":{"@id":"https:\/\/secure.gravatar.com\/avatar\/e43059e4816e51e713f76676af589c7492e749797d74acffb42ed2ed06283c64?s=96&d=mm&r=g"},"sameAs":["casalidellacisterna","casalicisterna"]}]}},"_links":{"self":[{"href":"https:\/\/www.casalidellacisterna.it\/fr\/wp-json\/wp\/v2\/pages\/3250","targetHints":{"allow":["GET"]}}],"collection":[{"href":"https:\/\/www.casalidellacisterna.it\/fr\/wp-json\/wp\/v2\/pages"}],"about":[{"href":"https:\/\/www.casalidellacisterna.it\/fr\/wp-json\/wp\/v2\/types\/page"}],"author":[{"embeddable":true,"href":"https:\/\/www.casalidellacisterna.it\/fr\/wp-json\/wp\/v2\/users\/2"}],"replies":[{"embeddable":true,"href":"https:\/\/www.casalidellacisterna.it\/fr\/wp-json\/wp\/v2\/comments?post=3250"}],"version-history":[{"count":5,"href":"https:\/\/www.casalidellacisterna.it\/fr\/wp-json\/wp\/v2\/pages\/3250\/revisions"}],"predecessor-version":[{"id":11016,"href":"https:\/\/www.casalidellacisterna.it\/fr\/wp-json\/wp\/v2\/pages\/3250\/revisions\/11016"}],"wp:attachment":[{"href":"https:\/\/www.casalidellacisterna.it\/fr\/wp-json\/wp\/v2\/media?parent=3250"}],"curies":[{"name":"wp","href":"https:\/\/api.w.org\/{rel}","templated":true}]}}