{"id":3237,"date":"2019-05-09T11:52:26","date_gmt":"2019-05-09T09:52:26","guid":{"rendered":"https:\/\/www.casalidellacisterna.it\/dimora-depoca-dellottocento\/"},"modified":"2022-01-04T20:38:41","modified_gmt":"2022-01-04T19:38:41","slug":"histoire","status":"publish","type":"page","link":"https:\/\/www.casalidellacisterna.it\/fr\/histoire\/","title":{"rendered":"Histoire"},"content":{"rendered":"<div class=\"wpb-content-wrapper\"><p>[vc_row full_width=\u00a0\u00bbstretch_row\u00a0\u00bb css=\u00a0\u00bb.vc_custom_1641323049081{padding-top: 50px !important;padding-bottom: 50px !important;background: #ffffff url(https:\/\/www.casalidellacisterna.it\/wp-content\/uploads\/2022\/01\/turbida.png?id=9760) !important;background-position: center !important;background-repeat: no-repeat !important;background-size: contain !important;}\u00a0\u00bb][vc_column][\/vc_column][\/vc_row][vc_row full_width=\u00a0\u00bbstretch_row\u00a0\u00bb content_placement=\u00a0\u00bbtop\u00a0\u00bb css=\u00a0\u00bb.vc_custom_1641317135461{background-color: #ffffff !important;background-position: center !important;background-repeat: no-repeat !important;background-size: contain !important;}\u00a0\u00bb][vc_column]\n    <div style=\"text-align:center\" class=\"nd_options_section\">\n      <img decoding=\"async\" alt=\"\" style=\"width:80PX\" class=\" nd_options_margin_0 nd_options_padding_0 \" src=\"https:\/\/www.casalidellacisterna.it\/wp-content\/uploads\/2022\/01\/logo-casali_STORIA.png\">\n    <\/div>\n   [\/vc_column][\/vc_row][vc_row full_width=\u00a0\u00bbstretch_row\u00a0\u00bb equal_height=\u00a0\u00bbyes\u00a0\u00bb css=\u00a0\u00bb.vc_custom_1637058560598{margin-top: 20px !important;background-color: #ffffff !important;}\u00a0\u00bb][vc_column width=\u00a0\u00bb1\/2&Prime; css=\u00a0\u00bb.vc_custom_1637057857459{padding-top: 50px !important;padding-right: 40px !important;padding-bottom: 50px !important;}\u00a0\u00bb] <p style=\"color:#1c1c1c;padding:px;text-align:;font-size:20px;line-height:30px;letter-spacing: px;font-weight:normal\" class=\"  nd_options_text_align_center_responsive_important nd_options_first_font \">Les marquis Dal Pozzo, qui devinrent plus tard Dal Pozzo della Cisterna, \u00e9taient une famille de la noblesse pi\u00e9montaise fond\u00e9e au XVe si\u00e8cle par Giacomo Dal Pozzo.<\/p> <div style=\"background-color:;height: 25px\" class=\"nicdark_section  \"><\/div> <p style=\"color:#1c1c1c;padding:px;text-align:;font-size:20px;line-height:30px;letter-spacing: px;font-weight:normal\" class=\"  nd_options_text_align_center_responsive_important nd_options_first_font \">Maria Vittoria dal Pozzo della Cisterna, repr\u00e9sentante de cette famille noble, \u00e9tait reine d'Espagne et duchesse d'Aoste.<\/p> <div style=\"background-color:;height: 25px\" class=\"nicdark_section  \"><\/div> <p style=\"color:#1c1c1c;padding:px;text-align:;font-size:20px;line-height:30px;letter-spacing: px;font-weight:normal\" class=\"  nd_options_text_align_center_responsive_important nd_options_first_font \">Les armoiries de la famille repr\u00e9sentent deux dragons tenant un puits et s'assurant que l'eau \u00e0 l'int\u00e9rieur ne devienne jamais trouble (Turbida nunquam).<\/p> [\/vc_column][vc_column width=\u00a0\u00bb1\/2&Prime; css=\u00a0\u00bb.vc_custom_1641313634912{padding-top: 200px !important;padding-bottom: 200px !important;background-image: url(https:\/\/www.casalidellacisterna.it\/wp-content\/uploads\/2021\/01\/storia-casali-della-cisterna.jpg?id=5823) !important;background-position: center !important;background-repeat: no-repeat !important;background-size: cover !important;}\u00a0\u00bb][\/vc_column][\/vc_row][vc_row full_width=\u00a0\u00bbstretch_row\u00a0\u00bb css=\u00a0\u00bb.vc_custom_1641313119121{margin-top: 20px !important;margin-bottom: 20px !important;padding-top: 300px !important;padding-bottom: 300px !important;background-image: url(https:\/\/www.casalidellacisterna.it\/wp-content\/uploads\/2021\/01\/regata-lago-maggiore.jpg?id=5834) !important;background-position: center !important;background-repeat: no-repeat !important;background-size: cover !important;}\u00a0\u00bb][vc_column][\/vc_column][\/vc_row][vc_row full_width=\u00a0\u00bbstretch_row\u00a0\u00bb equal_height=\u00a0\u00bbyes\u00a0\u00bb][vc_column width=\u00a0\u00bb1\/2&Prime; css=\u00a0\u00bb.vc_custom_1637057739791{padding-top: 70px !important;padding-bottom: 70px !important;}\u00a0\u00bb] <p style=\"color:#1c1c1c;padding:px;text-align:;font-size:18px;line-height:40px;letter-spacing: px;font-weight:normal\" class=\"  nd_options_text_align_center_responsive_important nd_options_first_font \">Le nom \u00ab Casali della Cisterna \u00bb d\u00e9rive du nom de famille de la princesse Luisa Dal Pozzo della Cisterna (1806-1867), \u00e0 qui en 1827 la grande propri\u00e9t\u00e9 fut offerte en cadeau de mariage par son mari, le duc Ferdinando Arborio de Gattinara, comte de Sartinara et Biandrate.<\/p> <div style=\"background-color:;height: 25px\" class=\"nicdark_section  \"><\/div> <p style=\"color:#1c1c1c;padding:px;text-align:;font-size:18px;line-height:40px;letter-spacing: px;font-weight:normal\" class=\"  nd_options_text_align_center_responsive_important nd_options_first_font \">L'h\u00f4tel est situ\u00e9 dans le grand domaine maintenant appel\u00e9 Villa Claudia dei Marchesi Dal Pozzo.<\/p> <div style=\"background-color:;height: 25px\" class=\"nicdark_section  \"><\/div> <p style=\"color:#1c1c1c;padding:px;text-align:;font-size:18px;line-height:40px;letter-spacing: px;font-weight:normal\" class=\"  nd_options_text_align_center_responsive_important nd_options_first_font \">La propri\u00e9t\u00e9 a \u00e9t\u00e9 divis\u00e9e en deux entit\u00e9s: le Relais Casali della Cisterna et la Villa Claudia.<\/p> <div style=\"background-color:;height: 25px\" class=\"nicdark_section  \"><\/div> <p style=\"color:#1c1c1c;padding:px;text-align:;font-size:18px;line-height:40px;letter-spacing: px;font-weight:normal\" class=\"  nd_options_text_align_center_responsive_important nd_options_first_font \">La villa \u00e9tait con\u00e7ue dans le pass\u00e9 (et encore aujourd'hui) comme r\u00e9sidence d'\u00e9t\u00e9 des marquis Dal Pozzo, tandis que les deux structures \u00e0 partir desquelles notre Relais a \u00e9t\u00e9 cr\u00e9\u00e9 \u00e9taient les maisons des jardiniers et des marins qui travaillaient autrefois pour les marquis Dal Pozzo.<\/p> [\/vc_column][vc_column width=\u00a0\u00bb1\/2&Prime; css=\u00a0\u00bb.vc_custom_1641313454693{padding-top: 400px !important;padding-bottom: 400px !important;background-image: url(https:\/\/www.casalidellacisterna.it\/wp-content\/uploads\/2021\/01\/storia-lago-maggiore.jpg?id=5827) !important;background-position: center !important;background-repeat: no-repeat !important;background-size: cover !important;}\u00a0\u00bb][\/vc_column][\/vc_row][vc_row equal_height=\u00a0\u00bbyes\u00a0\u00bb css=\u00a0\u00bb.vc_custom_1636648739466{margin-top: 40px !important;margin-bottom: 40px !important;}\u00a0\u00bb][vc_column width=\u00a0\u00bb1\/3&Prime; css=\u00a0\u00bb.vc_custom_1557220216307{background-image: url(https:\/\/www.casalidellacisterna.it\/wp-content\/uploads\/2019\/05\/PARK-AND-LAKE.jpg?id=1472) !important;background-position: center !important;background-repeat: no-repeat !important;background-size: cover !important;}\u00a0\u00bb]<div style=\"background-color:;height: 50px\" class=\"nicdark_section  \"><\/div> <h3 style=\"color:#ffffff;padding:px;text-align:center;font-size:22px;line-height:22px;letter-spacing: px;font-weight:normal\" class=\"   nd_options_first_font \">NOS PROMOTIONS<\/h3> <div style=\"background-color:;height: 10px\" class=\"nicdark_section  \"><\/div>\n\t<div class=\"nd_options_section nd_options_text_align_center\">\n\t<a style=\"border: 1px solid #ffffff;border-radius:0px;letter-spacing:px;line-height:15px;font-size:15px;background-color:#c19b76;padding:10px 20px;margin:10px;color:#ffffff\" rel=\"\" href=\"https:\/\/www.casalidellacisterna.it\/fr\/offres-speciales\/\" class=\"nicdark_display_inline_block  nd_options_font_weight_lighter nd_options_second_font  \">LIRE PLUS<\/a>\n\t<\/div>\n<div style=\"background-color:;height: 50px\" class=\"nicdark_section  \"><\/div>[\/vc_column][vc_column width=\u00a0\u00bb1\/3&Prime; css=\u00a0\u00bb.vc_custom_1557220228286{background-image: url(https:\/\/www.casalidellacisterna.it\/wp-content\/uploads\/2019\/05\/SUPERIOR-SUITES.jpg?id=1456) !important;background-position: center !important;background-repeat: no-repeat !important;background-size: cover !important;}\u00a0\u00bb]<div style=\"background-color:;height: 50px\" class=\"nicdark_section  \"><\/div> <h3 style=\"color:#ffffff;padding:px;text-align:center;font-size:22px;line-height:22px;letter-spacing: px;font-weight:normal\" class=\"   nd_options_first_font \">MAISON DES JARDINIERS<\/h3> <div style=\"background-color:;height: 10px\" class=\"nicdark_section  \"><\/div>\n\t<div class=\"nd_options_section nd_options_text_align_center\">\n\t<a style=\"border: 1px solid #ffffff;border-radius:0px;letter-spacing:px;line-height:15px;font-size:15px;background-color:#c19b76;padding:10px 20px;margin:10px;color:#ffffff\" rel=\"\" href=\"https:\/\/www.casalidellacisterna.it\/fr\/la-maison-des-jardiniers\/\" class=\"nicdark_display_inline_block  nd_options_font_weight_lighter nd_options_second_font  \">LIRE PLUS<\/a>\n\t<\/div>\n<div style=\"background-color:;height: 50px\" class=\"nicdark_section  \"><\/div>[\/vc_column][vc_column width=\u00a0\u00bb1\/3&Prime; css=\u00a0\u00bb.vc_custom_1557220238690{background-image: url(https:\/\/www.casalidellacisterna.it\/wp-content\/uploads\/2019\/05\/Vip-Suite-Dinghy-2.jpg?id=1430) !important;background-position: center !important;background-repeat: no-repeat !important;background-size: cover !important;}\u00a0\u00bb]<div style=\"background-color:;height: 50px\" class=\"nicdark_section  \"><\/div> <h3 style=\"color:#ffffff;padding:px;text-align:center;font-size:22px;line-height:22px;letter-spacing: px;font-weight:normal\" class=\"   nd_options_first_font \">MAISON DES MARINS<\/h3> <div style=\"background-color:;height: 10px\" class=\"nicdark_section  \"><\/div>\n\t<div class=\"nd_options_section nd_options_text_align_center\">\n\t<a style=\"border: 1px solid #ffffff;border-radius:0px;letter-spacing:px;line-height:15px;font-size:15px;background-color:#c19b76;padding:10px 20px;margin:10px;color:#ffffff\" rel=\"\" href=\"https:\/\/www.casalidellacisterna.it\/fr\/maison-des-marins\/\" class=\"nicdark_display_inline_block  nd_options_font_weight_lighter nd_options_second_font  \">LIRE PLUS<\/a>\n\t<\/div>\n<div style=\"background-color:;height: 50px\" class=\"nicdark_section  \"><\/div>[\/vc_column][\/vc_row]<\/p>\n<\/div>","protected":false},"excerpt":{"rendered":"<p>[vc_row full_width=\u00a0\u00bbstretch_row\u00a0\u00bb css=\u00a0\u00bb.vc_custom_1641323049081{padding-top: 50px !important;padding-bottom: 50px !important;background: #ffffff url(https:\/\/www.casalidellacisterna.it\/wp-content\/uploads\/2022\/01\/turbida.png?id=9760) !important;background-position: center !important;background-repeat: no-repeat !important;background-size: contain !important;}\u00a0\u00bb][vc_column][\/vc_column][\/vc_row][vc_row full_width=\u00a0\u00bbstretch_row\u00a0\u00bb content_placement=\u00a0\u00bbtop\u00a0\u00bb css=\u00a0\u00bb.vc_custom_1641317135461{background-color: #ffffff !important;background-position: center !important;background-repeat: no-repeat !important;background-size: contain !important;}\u00a0\u00bb][vc_column][\/vc_column][\/vc_row][vc_row full_width=\u00a0\u00bbstretch_row\u00a0\u00bb equal_height=\u00a0\u00bbyes\u00a0\u00bb css=\u00a0\u00bb.vc_custom_1637058560598{margin-top: 20px !important;background-color: #ffffff !important;}\u00a0\u00bb][vc_column width=\u00a0\u00bb1\/2&Prime; css=\u00a0\u00bb.vc_custom_1637057857459{padding-top: 50px !important;padding-right: 40px !important;padding-bottom: 50px !important;}\u00a0\u00bb][\/vc_column][vc_column width=\u00a0\u00bb1\/2&Prime; css=\u00a0\u00bb.vc_custom_1641313634912{padding-top: 200px !important;padding-bottom: 200px !important;background-image: url(https:\/\/www.casalidellacisterna.it\/wp-content\/uploads\/2021\/01\/storia-casali-della-cisterna.jpg?id=5823) !important;background-position: center !important;background-repeat: no-repeat !important;background-size: cover [&hellip;]<\/p>\n","protected":false},"author":2,"featured_media":0,"parent":0,"menu_order":0,"comment_status":"closed","ping_status":"closed","template":"","meta":{"footnotes":""},"class_list":["post-3237","page","type-page","status-publish","hentry"],"yoast_head":"<!-- This site is optimized with the Yoast SEO plugin v27.4 - https:\/\/yoast.com\/product\/yoast-seo-wordpress\/ -->\n<title>Belgirate Hotel - Relais Casali della Cisterna - Histoire<\/title>\n<meta name=\"description\" content=\"De n&#039;importe quelle chambre ou suite, vous pourrez profiter de la vue incomparable sur le lac et le monast\u00e8re de Santa Caterina del Sasso.\" \/>\n<meta name=\"robots\" content=\"index, follow, max-snippet:-1, max-image-preview:large, max-video-preview:-1\" \/>\n<link rel=\"canonical\" href=\"https:\/\/www.casalidellacisterna.it\/fr\/histoire\/\" \/>\n<meta property=\"og:locale\" content=\"fr_FR\" \/>\n<meta property=\"og:type\" content=\"article\" \/>\n<meta property=\"og:title\" content=\"Belgirate Hotel - Relais Casali della Cisterna - Histoire\" \/>\n<meta property=\"og:description\" content=\"De n&#039;importe quelle chambre ou suite, vous pourrez profiter de la vue incomparable sur le lac et le monast\u00e8re de Santa Caterina del Sasso.\" \/>\n<meta property=\"og:url\" content=\"https:\/\/www.casalidellacisterna.it\/fr\/histoire\/\" \/>\n<meta property=\"og:site_name\" content=\"Relais Casali della Cisterna\" \/>\n<meta property=\"article:publisher\" content=\"casalidellacisterna\" \/>\n<meta property=\"article:modified_time\" content=\"2022-01-04T19:38:41+00:00\" \/>\n<meta property=\"og:image\" content=\"https:\/\/www.casalidellacisterna.it\/wp-content\/uploads\/2019\/05\/junior-suite-canfora-hotel-belgirate-1.jpg\" \/>\n\t<meta property=\"og:image:width\" content=\"1024\" \/>\n\t<meta property=\"og:image:height\" content=\"710\" \/>\n\t<meta property=\"og:image:type\" content=\"image\/jpeg\" \/>\n<meta name=\"twitter:card\" content=\"summary_large_image\" \/>\n<meta name=\"twitter:label1\" content=\"Dur\u00e9e de lecture estim\u00e9e\" \/>\n\t<meta name=\"twitter:data1\" content=\"3 minutes\" \/>\n<script type=\"application\/ld+json\" class=\"yoast-schema-graph\">{\"@context\":\"https:\\\/\\\/schema.org\",\"@graph\":[{\"@type\":\"WebPage\",\"@id\":\"https:\\\/\\\/www.casalidellacisterna.it\\\/fr\\\/histoire\\\/\",\"url\":\"https:\\\/\\\/www.casalidellacisterna.it\\\/fr\\\/histoire\\\/\",\"name\":\"Belgirate Hotel - Relais Casali della Cisterna - Histoire\",\"isPartOf\":{\"@id\":\"https:\\\/\\\/www.casalidellacisterna.it\\\/fr\\\/#website\"},\"datePublished\":\"2019-05-09T09:52:26+00:00\",\"dateModified\":\"2022-01-04T19:38:41+00:00\",\"description\":\"De n'importe quelle chambre ou suite, vous pourrez profiter de la vue incomparable sur le lac et le monast\u00e8re de Santa Caterina del Sasso.\",\"breadcrumb\":{\"@id\":\"https:\\\/\\\/www.casalidellacisterna.it\\\/fr\\\/histoire\\\/#breadcrumb\"},\"inLanguage\":\"fr-FR\",\"potentialAction\":[{\"@type\":\"ReadAction\",\"target\":[\"https:\\\/\\\/www.casalidellacisterna.it\\\/fr\\\/histoire\\\/\"]}]},{\"@type\":\"BreadcrumbList\",\"@id\":\"https:\\\/\\\/www.casalidellacisterna.it\\\/fr\\\/histoire\\\/#breadcrumb\",\"itemListElement\":[{\"@type\":\"ListItem\",\"position\":1,\"name\":\"Home\",\"item\":\"https:\\\/\\\/www.casalidellacisterna.it\\\/fr\\\/\"},{\"@type\":\"ListItem\",\"position\":2,\"name\":\"Histoire\"}]},{\"@type\":\"WebSite\",\"@id\":\"https:\\\/\\\/www.casalidellacisterna.it\\\/fr\\\/#website\",\"url\":\"https:\\\/\\\/www.casalidellacisterna.it\\\/fr\\\/\",\"name\":\"Relais Casali della Cisterna\",\"description\":\"Historical Hotel Lake Maggiore\",\"publisher\":{\"@id\":\"https:\\\/\\\/www.casalidellacisterna.it\\\/fr\\\/#\\\/schema\\\/person\\\/7ccfea2f538ad615acbc68bd3f482935\"},\"potentialAction\":[{\"@type\":\"SearchAction\",\"target\":{\"@type\":\"EntryPoint\",\"urlTemplate\":\"https:\\\/\\\/www.casalidellacisterna.it\\\/fr\\\/?s={search_term_string}\"},\"query-input\":{\"@type\":\"PropertyValueSpecification\",\"valueRequired\":true,\"valueName\":\"search_term_string\"}}],\"inLanguage\":\"fr-FR\"},{\"@type\":[\"Person\",\"Organization\"],\"@id\":\"https:\\\/\\\/www.casalidellacisterna.it\\\/fr\\\/#\\\/schema\\\/person\\\/7ccfea2f538ad615acbc68bd3f482935\",\"name\":\"albertoavveduti\",\"image\":{\"@type\":\"ImageObject\",\"inLanguage\":\"fr-FR\",\"@id\":\"https:\\\/\\\/secure.gravatar.com\\\/avatar\\\/e43059e4816e51e713f76676af589c7492e749797d74acffb42ed2ed06283c64?s=96&d=mm&r=g\",\"url\":\"https:\\\/\\\/secure.gravatar.com\\\/avatar\\\/e43059e4816e51e713f76676af589c7492e749797d74acffb42ed2ed06283c64?s=96&d=mm&r=g\",\"contentUrl\":\"https:\\\/\\\/secure.gravatar.com\\\/avatar\\\/e43059e4816e51e713f76676af589c7492e749797d74acffb42ed2ed06283c64?s=96&d=mm&r=g\",\"caption\":\"albertoavveduti\"},\"logo\":{\"@id\":\"https:\\\/\\\/secure.gravatar.com\\\/avatar\\\/e43059e4816e51e713f76676af589c7492e749797d74acffb42ed2ed06283c64?s=96&d=mm&r=g\"},\"sameAs\":[\"casalidellacisterna\",\"casalicisterna\"]}]}<\/script>\n<!-- \/ Yoast SEO plugin. -->","yoast_head_json":{"title":"Belgirate Hotel - Relais Casali della Cisterna - Histoire","description":"De n'importe quelle chambre ou suite, vous pourrez profiter de la vue incomparable sur le lac et le monast\u00e8re de Santa Caterina del Sasso.","robots":{"index":"index","follow":"follow","max-snippet":"max-snippet:-1","max-image-preview":"max-image-preview:large","max-video-preview":"max-video-preview:-1"},"canonical":"https:\/\/www.casalidellacisterna.it\/fr\/histoire\/","og_locale":"fr_FR","og_type":"article","og_title":"Belgirate Hotel - Relais Casali della Cisterna - Histoire","og_description":"De n'importe quelle chambre ou suite, vous pourrez profiter de la vue incomparable sur le lac et le monast\u00e8re de Santa Caterina del Sasso.","og_url":"https:\/\/www.casalidellacisterna.it\/fr\/histoire\/","og_site_name":"Relais Casali della Cisterna","article_publisher":"casalidellacisterna","article_modified_time":"2022-01-04T19:38:41+00:00","og_image":[{"width":1024,"height":710,"url":"https:\/\/www.casalidellacisterna.it\/wp-content\/uploads\/2019\/05\/junior-suite-canfora-hotel-belgirate-1.jpg","type":"image\/jpeg"}],"twitter_card":"summary_large_image","twitter_misc":{"Dur\u00e9e de lecture estim\u00e9e":"3 minutes"},"schema":{"@context":"https:\/\/schema.org","@graph":[{"@type":"WebPage","@id":"https:\/\/www.casalidellacisterna.it\/fr\/histoire\/","url":"https:\/\/www.casalidellacisterna.it\/fr\/histoire\/","name":"Belgirate Hotel - Relais Casali della Cisterna - Histoire","isPartOf":{"@id":"https:\/\/www.casalidellacisterna.it\/fr\/#website"},"datePublished":"2019-05-09T09:52:26+00:00","dateModified":"2022-01-04T19:38:41+00:00","description":"De n'importe quelle chambre ou suite, vous pourrez profiter de la vue incomparable sur le lac et le monast\u00e8re de Santa Caterina del Sasso.","breadcrumb":{"@id":"https:\/\/www.casalidellacisterna.it\/fr\/histoire\/#breadcrumb"},"inLanguage":"fr-FR","potentialAction":[{"@type":"ReadAction","target":["https:\/\/www.casalidellacisterna.it\/fr\/histoire\/"]}]},{"@type":"BreadcrumbList","@id":"https:\/\/www.casalidellacisterna.it\/fr\/histoire\/#breadcrumb","itemListElement":[{"@type":"ListItem","position":1,"name":"Home","item":"https:\/\/www.casalidellacisterna.it\/fr\/"},{"@type":"ListItem","position":2,"name":"Histoire"}]},{"@type":"WebSite","@id":"https:\/\/www.casalidellacisterna.it\/fr\/#website","url":"https:\/\/www.casalidellacisterna.it\/fr\/","name":"Relais Casali della Cisterna","description":"Historical Hotel Lake Maggiore","publisher":{"@id":"https:\/\/www.casalidellacisterna.it\/fr\/#\/schema\/person\/7ccfea2f538ad615acbc68bd3f482935"},"potentialAction":[{"@type":"SearchAction","target":{"@type":"EntryPoint","urlTemplate":"https:\/\/www.casalidellacisterna.it\/fr\/?s={search_term_string}"},"query-input":{"@type":"PropertyValueSpecification","valueRequired":true,"valueName":"search_term_string"}}],"inLanguage":"fr-FR"},{"@type":["Person","Organization"],"@id":"https:\/\/www.casalidellacisterna.it\/fr\/#\/schema\/person\/7ccfea2f538ad615acbc68bd3f482935","name":"albertoavveduti","image":{"@type":"ImageObject","inLanguage":"fr-FR","@id":"https:\/\/secure.gravatar.com\/avatar\/e43059e4816e51e713f76676af589c7492e749797d74acffb42ed2ed06283c64?s=96&d=mm&r=g","url":"https:\/\/secure.gravatar.com\/avatar\/e43059e4816e51e713f76676af589c7492e749797d74acffb42ed2ed06283c64?s=96&d=mm&r=g","contentUrl":"https:\/\/secure.gravatar.com\/avatar\/e43059e4816e51e713f76676af589c7492e749797d74acffb42ed2ed06283c64?s=96&d=mm&r=g","caption":"albertoavveduti"},"logo":{"@id":"https:\/\/secure.gravatar.com\/avatar\/e43059e4816e51e713f76676af589c7492e749797d74acffb42ed2ed06283c64?s=96&d=mm&r=g"},"sameAs":["casalidellacisterna","casalicisterna"]}]}},"_links":{"self":[{"href":"https:\/\/www.casalidellacisterna.it\/fr\/wp-json\/wp\/v2\/pages\/3237","targetHints":{"allow":["GET"]}}],"collection":[{"href":"https:\/\/www.casalidellacisterna.it\/fr\/wp-json\/wp\/v2\/pages"}],"about":[{"href":"https:\/\/www.casalidellacisterna.it\/fr\/wp-json\/wp\/v2\/types\/page"}],"author":[{"embeddable":true,"href":"https:\/\/www.casalidellacisterna.it\/fr\/wp-json\/wp\/v2\/users\/2"}],"replies":[{"embeddable":true,"href":"https:\/\/www.casalidellacisterna.it\/fr\/wp-json\/wp\/v2\/comments?post=3237"}],"version-history":[{"count":3,"href":"https:\/\/www.casalidellacisterna.it\/fr\/wp-json\/wp\/v2\/pages\/3237\/revisions"}],"predecessor-version":[{"id":9799,"href":"https:\/\/www.casalidellacisterna.it\/fr\/wp-json\/wp\/v2\/pages\/3237\/revisions\/9799"}],"wp:attachment":[{"href":"https:\/\/www.casalidellacisterna.it\/fr\/wp-json\/wp\/v2\/media?parent=3237"}],"curies":[{"name":"wp","href":"https:\/\/api.w.org\/{rel}","templated":true}]}}